{"id":559,"date":"2025-12-01T18:19:56","date_gmt":"2025-12-01T18:19:56","guid":{"rendered":"https:\/\/fdcabogados.com.ar\/por\/?page_id=559"},"modified":"2025-12-23T14:21:42","modified_gmt":"2025-12-23T14:21:42","slug":"staff","status":"publish","type":"page","link":"https:\/\/fdcabogados.com.ar\/por\/staff\/","title":{"rendered":"Staff"},"content":{"rendered":"<p>[et_pb_section fb_built=\u00bb1&#8243; fullwidth=\u00bbon\u00bb _builder_version=\u00bb4.27.4&#8243; _module_preset=\u00bbdefault\u00bb custom_margin=\u00bb||||false|false\u00bb global_colors_info=\u00bb{}\u00bb][et_pb_fullwidth_header title=\u00bbNosso staff\u00bb text_orientation=\u00bbcenter\u00bb _builder_version=\u00bb4.27.4&#8243; _module_preset=\u00bbdefault\u00bb title_font=\u00bbSatoshi||||||||\u00bb title_font_size=\u00bb2.3vw\u00bb background_image=\u00bbhttps:\/\/fdcabogados.com.ar\/por\/wp-content\/uploads\/2025\/12\/staff-top.jpg\u00bb custom_padding=\u00bb200px||200px||true|false\u00bb custom_padding_tablet=\u00bb200px||200px||true|false\u00bb custom_padding_phone=\u00bb100px||100px||true|false\u00bb custom_padding_last_edited=\u00bbon|phone\u00bb title_font_size_tablet=\u00bb2.3vw\u00bb title_font_size_phone=\u00bb30px\u00bb title_font_size_last_edited=\u00bbon|phone\u00bb border_radii=\u00bboff|||45px|45px\u00bb global_colors_info=\u00bb{}\u00bb][\/et_pb_fullwidth_header][\/et_pb_section][et_pb_section fb_built=\u00bb1&#8243; custom_padding_last_edited=\u00bbon|phone\u00bb module_id=\u00bbestudio\u00bb _builder_version=\u00bb4.27.4&#8243; _module_preset=\u00bbdefault\u00bb custom_margin=\u00bb||||false|false\u00bb custom_padding=\u00bb54px||0px||false|false\u00bb custom_padding_tablet=\u00bb125px||125px||true|false\u00bb custom_padding_phone=\u00bb25px||25px||true|false\u00bb global_colors_info=\u00bb{}\u00bb][et_pb_row use_custom_gutter=\u00bbon\u00bb gutter_width=\u00bb2&#8243; make_equal=\u00bbon\u00bb _builder_version=\u00bb4.27.4&#8243; _module_preset=\u00bbdefault\u00bb width=\u00bb60%\u00bb width_tablet=\u00bb60%\u00bb width_phone=\u00bb85%\u00bb width_last_edited=\u00bbon|phone\u00bb max_width=\u00bb100%\u00bb custom_padding=\u00bb50px||50px||true|false\u00bb locked=\u00bboff\u00bb global_colors_info=\u00bb{}\u00bb][et_pb_column type=\u00bb4_4&#8243; _builder_version=\u00bb4.27.4&#8243; _module_preset=\u00bbdefault\u00bb custom_padding=\u00bb||0px||false|false\u00bb global_colors_info=\u00bb{}\u00bb][et_pb_divider color=\u00bb#000000&#8243; divider_weight=\u00bb1px\u00bb _builder_version=\u00bb4.27.4&#8243; _module_preset=\u00bbdefault\u00bb background_color=\u00bb#000000&#8243; width=\u00bb1px\u00bb max_width=\u00bb1px\u00bb module_alignment=\u00bbcenter\u00bb min_height=\u00bb100px\u00bb custom_margin=\u00bb||50px||false|false\u00bb custom_padding=\u00bb||||false|false\u00bb global_colors_info=\u00bb{}\u00bb][\/et_pb_divider][et_pb_blurb content_max_width=\u00bb100%\u00bb _builder_version=\u00bb4.27.4&#8243; _module_preset=\u00bbdefault\u00bb header_font=\u00bbSatoshi Medium||||||||\u00bb header_text_color=\u00bb#000000&#8243; header_font_size=\u00bb2.3vw\u00bb body_font=\u00bbSatoshi||||||||\u00bb body_text_color=\u00bb#000000&#8243; body_font_size=\u00bb1.3vw\u00bb body_line_height=\u00bb2.5vw\u00bb text_orientation=\u00bbcenter\u00bb module_alignment=\u00bbcenter\u00bb body_font_size_tablet=\u00bb1.3vw\u00bb body_font_size_phone=\u00bb18px\u00bb body_font_size_last_edited=\u00bbon|phone\u00bb body_line_height_tablet=\u00bb2.5vw\u00bb body_line_height_phone=\u00bb35px\u00bb body_line_height_last_edited=\u00bbon|phone\u00bb custom_css_blurb_title=\u00bbmargin-bottom:2.5vw;\u00bb custom_css_blurb_content=\u00bbmargin-bottom:2.5vw;\u00bb global_colors_info=\u00bb{}\u00bb]<\/p>\n<p><span style=\"font-weight: 400;\">\u00a0Nossa equipe \u00e9 composta por <\/span> <span style=\"text-decoration: underline;\">profissionais qualificados que oferecem um acompanhamento s\u00e9rio e confi\u00e1vel.<\/span><span style=\"font-weight: 400;\"> Cada caso recibe un tratamiento personalizado, acorde a sus particularidades.<\/span><\/p>\n<p>[\/et_pb_blurb][\/et_pb_column][\/et_pb_row][\/et_pb_section][et_pb_section fb_built=\u00bb1&#8243; custom_padding_last_edited=\u00bbon|phone\u00bb module_id=\u00bbcoberturainterdisciplinaria\u00bb _builder_version=\u00bb4.27.4&#8243; _module_preset=\u00bbdefault\u00bb custom_padding=\u00bb0px||0px||false|false\u00bb custom_padding_tablet=\u00bb||0px||false|false\u00bb custom_padding_phone=\u00bb0px||0px||false|false\u00bb global_colors_info=\u00bb{}\u00bb][et_pb_row column_structure=\u00bb1_2,1_2&#8243; custom_padding_last_edited=\u00bbon|phone\u00bb module_id=\u00bbfernandodiazcanton\u00bb _builder_version=\u00bb4.27.4&#8243; _module_preset=\u00bbdefault\u00bb background_color=\u00bb#f2f2f2&#8243; width=\u00bb100%\u00bb max_width=\u00bb100%\u00bb custom_padding=\u00bb101px|7.5%|101px|7.5%|true|true\u00bb custom_padding_tablet=\u00bb100px|7.5%|100px|7.5%|true|true\u00bb custom_padding_phone=\u00bb50px|7.5%|50px|7.5%|false|true\u00bb sticky_limit_top=\u00bbbody\u00bb sticky_limit_bottom=\u00bbsection\u00bb global_colors_info=\u00bb{}\u00bb][et_pb_column type=\u00bb1_2&#8243; _builder_version=\u00bb4.27.4&#8243; _module_preset=\u00bbdefault\u00bb global_colors_info=\u00bb{}\u00bb][et_pb_image src=\u00bbhttps:\/\/fdcabogados.com.ar\/por\/wp-content\/uploads\/2025\/12\/equipo-fernando-diaz-canton.png\u00bb title_text=\u00bbequipo-fernando-diaz-canton\u00bb _builder_version=\u00bb4.27.4&#8243; _module_preset=\u00bbdefault\u00bb global_colors_info=\u00bb{}\u00bb][\/et_pb_image][\/et_pb_column][et_pb_column type=\u00bb1_2&#8243; _builder_version=\u00bb4.27.4&#8243; _module_preset=\u00bbdefault\u00bb custom_padding=\u00bb0px||0px||false|false\u00bb global_colors_info=\u00bb{}\u00bb][et_pb_text _builder_version=\u00bb4.27.4&#8243; _module_preset=\u00bbdefault\u00bb text_font=\u00bbSatoshi|500|||||||\u00bb text_text_color=\u00bb#000000&#8243; text_font_size=\u00bb1.8vw\u00bb custom_margin=\u00bb||15px||false|false\u00bb custom_padding=\u00bb||0px||false|false\u00bb text_font_size_tablet=\u00bb1.8vw\u00bb text_font_size_phone=\u00bb25px\u00bb text_font_size_last_edited=\u00bbon|phone\u00bb text_orientation_tablet=\u00bb\u00bb text_orientation_phone=\u00bbcenter\u00bb text_orientation_last_edited=\u00bbon|phone\u00bb global_colors_info=\u00bb{}\u00bb]<\/p>\n<p>Fernando D\u00edaz Cant\u00f3n<\/p>\n<p>[\/et_pb_text][et_pb_image src=\u00bbhttps:\/\/fdcabogados.com.ar\/por\/wp-content\/uploads\/2025\/11\/linkedin.png\u00bb title_text=\u00bblinkedin\u00bb url=\u00bbhttps:\/\/ar.linkedin.com\/in\/fernando-d%C3%AD-az-cant%C3%B3n-2020511b\u00bb url_new_window=\u00bbon\u00bb align_tablet=\u00bb\u00bb align_phone=\u00bbcenter\u00bb align_last_edited=\u00bbon|phone\u00bb _builder_version=\u00bb4.27.4&#8243; _module_preset=\u00bbdefault\u00bb width=\u00bb1.5vw\u00bb width_tablet=\u00bb1.5vw\u00bb width_phone=\u00bb1.5vw\u00bb width_last_edited=\u00bbon|phone\u00bb max_width=\u00bb30px\u00bb custom_margin=\u00bb||10px||false|false\u00bb custom_padding=\u00bb0px||0px||false|false\u00bb global_colors_info=\u00bb{}\u00bb][\/et_pb_image][et_pb_blurb content_max_width=\u00bb100%\u00bb module_class=\u00bbmodulo-scroll-bloqueado\u00bb _builder_version=\u00bb4.27.4&#8243; _module_preset=\u00bbdefault\u00bb header_font=\u00bbSatoshi Medium||||||||\u00bb header_text_color=\u00bb#000000&#8243; header_font_size=\u00bb2.3vw\u00bb body_font=\u00bbSatoshi||||||||\u00bb body_text_color=\u00bb#000000&#8243; body_font_size=\u00bb1.3vw\u00bb body_line_height=\u00bb2.5vw\u00bb text_orientation=\u00bbjustified\u00bb module_alignment=\u00bbcenter\u00bb custom_margin=\u00bb0px||0px||false|false\u00bb custom_padding=\u00bb0px||0px||false|false\u00bb custom_padding_tablet=\u00bb0px||0px||false|false\u00bb custom_padding_phone=\u00bb0px||0px||false|false\u00bb custom_padding_last_edited=\u00bbon|phone\u00bb motion_trigger_start=\u00bbtop\u00bb body_font_size_tablet=\u00bb1.3vw\u00bb body_font_size_phone=\u00bb18px\u00bb body_font_size_last_edited=\u00bbon|phone\u00bb body_line_height_tablet=\u00bb2.5vw\u00bb body_line_height_phone=\u00bb35px\u00bb body_line_height_last_edited=\u00bbon|phone\u00bb custom_css_main_element=\u00bb  height: 100vh;        \/* Ajusta la altura que quieras *\/||  overflow-y: auto;     \/* Activa la barra vertical *\/||padding-right:20px;||\u00bb global_colors_info=\u00bb{}\u00bb custom_css_main_element_last_edited=\u00bbon|phone\u00bb custom_css_main_element_phone=\u00bb  height: auto;        \/* Ajusta la altura que quieras *\/||  overflow-y: none;     \/* Activa la barra vertical *\/||padding-right:0px;||\u00bb custom_css_main_element_tablet=\u00bb  height: 100vh;        \/* Ajusta la altura que quieras *\/||  overflow-y: auto;     \/* Activa la barra vertical *\/||padding-right:20px;||\u00bb]<span style=\"font-weight: 400;\">Professor Adjunto Regular pelo Concurso do Departamento de Direito Penal e Criminol\u00f3gico da UBA desde 1999.<br \/>\nProfesor na Maestr\u00eda em Direito Penal da UdeSA desde o ano 2020, na materia \u201cOs recursos\u201d.<br \/>\nProfesor na Maestr\u00eda em Direito Penal da UBA (2019), na materia \u201cOs recursos\u201d.<br \/>\nProfessor invitado na Maestr\u00eda em Direito Penal da Universidade Palermo desde o ano 2019 at\u00e9 2019, na materia \u201cOs recursos no processo penal\u201d (vinte e um anos)<br \/>\nProfesor invitado na Especializa\u00e7\u00e3o em Direito Processual Penal do Museo Social Argentino desde o ano 2018, na materia \u201cTeoria Geral do Processo Penal\u201d.<br \/>\nProfessor invitado na Maestr\u00eda em Direito Penal da Universidade Austral desde o ano 2017, na materia \u201cOs recursos no processo penal\u201d.<br \/>\nAutor do livro &quot;A motiva\u00e7\u00e3o da senten\u00e7a penal e outros estudos&quot;, Editores do Porto, Buenos Aires, 2005.<br \/>\nAutor de v\u00e1rios artigos da doutrina, coment\u00e1rios jurisprudenciais e tradu\u00e7\u00f5es.<br \/>\nCo-autor do Anteprojeto do C\u00f3digo Processal Penal da Na\u00e7\u00e3o, elaborado pela Comiss\u00e3o de Reforma, criada pelo Decreto 114 do 2007 do Poder Executivo Nacional no \u00e2mbito do Minist\u00e9rio da Justi\u00e7a e Direitos Humanos da Na\u00e7\u00e3o.<br \/>\nEx-Presidente do Instituto de Estatutos Legislativos (IDEL) da Federa\u00e7\u00e3o Argentina de Col\u00e9gios de Abogados (FACA) (2020-2023).<br \/>\nDiretor da Se\u00e7\u00e3o de Dereito Penal do Instituto de Estatutos Legislativos (IDEL) da Federa\u00e7\u00e3o Argentina de Col\u00e9gios de Abogados (FACA) e membro da Junta Diretiva (2006-2020).<br \/>\nDiretor do Suplemento da Lei Criminal do Jornal Digital &quot;El Dial&quot; por dez anos.<br \/>\nDiretor da Se\u00e7\u00e3o de Direito Penal Ambiental da Revista de Direito Ambiental da editora Abeledo Perrot.<br \/>\nDirigiu e foi jurado de teses de mestrados e p\u00f3s-graduandos nas Faculdades de Direito da Universidade de Buenos Aires, da Universidade de Palermo e da Universidade Cat\u00f3lica da Argentina.<br \/>\nAssessor em Direito Penal Ambiental da Sociedade Ambiental de Coordena\u00e7\u00e3o Ecol\u00f3gica do Estado (CEAMSE) de 1996 a 2000.<br \/>\nConjuez do Exmo. C\u00e2mara Nacional de Cassa\u00e7\u00e3o Criminal.<br \/>\nJurado e jurista convidado em v\u00e1rias competi\u00e7\u00f5es para ju\u00edzes e promotores nacionais.<br \/>\nOrador geral em v\u00e1rios Congressos Nacionais de Direito Processual.<br \/>\nAssessor do Honrado Senado da Na\u00e7\u00e3o.<br \/>\nAmicus curiae perante a Comiss\u00e3o Interamericana de Direitos Humanos.<br \/>\nIdiomas: ingl\u00eas e italiano.<\/span>[\/et_pb_blurb][\/et_pb_column][\/et_pb_row][et_pb_row custom_padding_last_edited=\u00bbon|phone\u00bb disabled_on=\u00bboff|on|on\u00bb module_id=\u00bbmarceloantoniosgro\u00bb _builder_version=\u00bb4.27.4&#8243; _module_preset=\u00bbdefault\u00bb background_enable_color=\u00bboff\u00bb width=\u00bb100%\u00bb max_width=\u00bb100%\u00bb custom_padding=\u00bb100px|7.5%|100px|7.5%|true|true\u00bb custom_padding_tablet=\u00bb100px|7.5%|100px|7.5%|true|true\u00bb custom_padding_phone=\u00bb50px|7.5%|50px|7.5%|false|true\u00bb global_colors_info=\u00bb{}\u00bb][et_pb_column type=\u00bb4_4&#8243; _builder_version=\u00bb4.27.4&#8243; _module_preset=\u00bbdefault\u00bb custom_padding=\u00bb0px||0px||false|false\u00bb global_colors_info=\u00bb{}\u00bb custom_css_main_element_last_edited=\u00bbon|phone\u00bb][et_pb_image src=\u00bbhttps:\/\/fdcabogados.com.ar\/por\/wp-content\/uploads\/2025\/12\/equipo-marcelo-antonio-sgro.png\u00bb title_text=\u00bbequipo-marcelo-antonio-sgro\u00bb _builder_version=\u00bb4.27.4&#8243; _module_preset=\u00bbdefault\u00bb global_colors_info=\u00bb{}\u00bb][\/et_pb_image][et_pb_text _builder_version=\u00bb4.27.4&#8243; _module_preset=\u00bbdefault\u00bb text_font=\u00bbSatoshi|500|||||||\u00bb text_text_color=\u00bb#000000&#8243; text_font_size=\u00bb1.8vw\u00bb custom_margin=\u00bb||15px||false|false\u00bb custom_padding=\u00bb||0px||false|false\u00bb text_font_size_tablet=\u00bb1.8vw\u00bb text_font_size_phone=\u00bb25px\u00bb text_font_size_last_edited=\u00bbon|phone\u00bb text_orientation_tablet=\u00bb\u00bb text_orientation_phone=\u00bbcenter\u00bb text_orientation_last_edited=\u00bbon|phone\u00bb global_colors_info=\u00bb{}\u00bb]Marcelo Antonio Sgro[\/et_pb_text][et_pb_image src=\u00bbhttps:\/\/fdcabogados.com.ar\/por\/wp-content\/uploads\/2025\/11\/linkedin.png\u00bb title_text=\u00bblinkedin\u00bb url=\u00bbhttps:\/\/ar.linkedin.com\/in\/marcelo-antonio-sgro-98768092&#8243; url_new_window=\u00bbon\u00bb align_tablet=\u00bb\u00bb align_phone=\u00bbcenter\u00bb align_last_edited=\u00bbon|phone\u00bb _builder_version=\u00bb4.27.4&#8243; _module_preset=\u00bbdefault\u00bb width=\u00bb1.5vw\u00bb width_tablet=\u00bb1.5vw\u00bb width_phone=\u00bb1.5vw\u00bb width_last_edited=\u00bbon|phone\u00bb max_width=\u00bb30px\u00bb custom_margin=\u00bb||10px||false|false\u00bb custom_padding=\u00bb0px||0px||false|false\u00bb global_colors_info=\u00bb{}\u00bb][\/et_pb_image][et_pb_blurb content_max_width=\u00bb100%\u00bb module_class=\u00bbmodulo-scroll-bloqueado\u00bb _builder_version=\u00bb4.27.4&#8243; _module_preset=\u00bbdefault\u00bb header_font=\u00bbSatoshi Medium||||||||\u00bb header_text_color=\u00bb#000000&#8243; header_font_size=\u00bb2.3vw\u00bb body_font=\u00bbSatoshi||||||||\u00bb body_text_color=\u00bb#000000&#8243; body_font_size=\u00bb1.3vw\u00bb body_line_height=\u00bb2.5vw\u00bb text_orientation=\u00bbjustified\u00bb module_alignment=\u00bbcenter\u00bb custom_margin=\u00bb0px||0px||false|false\u00bb custom_padding=\u00bb0px||0px||false|false\u00bb custom_padding_tablet=\u00bb0px||0px||false|false\u00bb custom_padding_phone=\u00bb0px||0px||false|false\u00bb custom_padding_last_edited=\u00bbon|phone\u00bb body_font_size_tablet=\u00bb1.3vw\u00bb body_font_size_phone=\u00bb18px\u00bb body_font_size_last_edited=\u00bbon|phone\u00bb body_line_height_tablet=\u00bb2.5vw\u00bb body_line_height_phone=\u00bb35px\u00bb body_line_height_last_edited=\u00bbon|phone\u00bb custom_css_main_element=\u00bb  height: 100vh;        \/* Ajusta la altura que quieras *\/||  overflow-y: auto;     \/* Activa la barra vertical *\/||padding-right:20px;||\u00bb global_colors_info=\u00bb{}\u00bb custom_css_main_element_tablet=\u00bb  height: 100vh;        \/* Ajusta la altura que quieras *\/||  overflow-y: auto;     \/* Activa la barra vertical *\/||padding-right:20px;||\u00bb custom_css_main_element_phone=\u00bb  height: auto;        \/* Ajusta la altura que quieras *\/||  overflow-y: none;     \/* Activa la barra vertical *\/||padding-right:0px;||\u00bb custom_css_main_element_last_edited=\u00bbon|phone\u00bb]<\/p>\n<p style=\"font-weight: 400;\">Advogado. Orienta\u00e7\u00e3o: Direito Penal e Criminologia. Diploma de honra. Universidad de Buenos Aires, UBA (1991).<br \/>Secret\u00e1rio do Audit\u00f3rio Principal do Tribunal de Apela\u00e7\u00f5es Criminal e Correcional de San Isidro(1995-1996).<br \/>Advogado parceiro do Estudio Gil Lavedra &#8211; Romero Acu\u00f1a &amp; Asociados (1997-2013).<br \/>Professor adjunto regular de Direito Penal e Processual Penal na UBA.<br \/>Professor adjunto de Direito Penal II, parte especial da Universidad Cat\u00f3lica de Santiago del Estero<br \/>Professor do Mestrado em Direito Penal da Faculdade de Direito da Universidad de Palermo, desde 1998 at\u00e9 a data (tem ministrado numerosas mat\u00e9rias: \u00abDelitos contra a administra\u00e7\u00e3o p\u00fablica\u00bb; \u00abGarantias constitucionais do processo penal\u00bb; \u00abJurisprud\u00eancia recente da Corte Suprema de Justi\u00e7a da Na\u00e7\u00e3o em mat\u00e9ria penal e processual penal\u00bb; entre outras).<br \/>Professor do Instituto Superior de Estudos para a Justi\u00e7a (ISEJUS), Faculdade de Direito da Universidad de Buenos Aires, no qual ministrou a mat\u00e9ria de Teoria do Delito (a partir do ano 2000).<br \/>Fun\u00e7\u00e3o como j\u00fari de concursos na \u00e1rea universit\u00e1ria.<br \/>Designa\u00e7\u00f5es como j\u00fari ou jurista convidado em processos de sele\u00e7\u00e3o de magistrados do Poder Judici\u00e1rio e funcion\u00e1ri Minist\u00e9rio P\u00fablico da Na\u00e7\u00e3o.<br \/>Integrante da Se\u00e7\u00e3o de Direito Penal e Processual Penal do Instituto de Estudos Legislativos da Federa\u00e7\u00e3o Argentina de Col\u00e9gios de Advogados (2006).<br \/>Fundador e membro permanente do staff de redatores e membro da comiss\u00e3o assessora de reda\u00e7\u00e3o de v\u00e1rias revistas e publica\u00e7\u00f5es jur\u00eddicas especializadas (atualmente, reveste a condi\u00e7\u00e3o em \u00abCuadernos de Doctrina y Jurisprudencia Penal\u00bb).<br \/>Publicou numerosos artigos de doutrina, resenhas biogr\u00e1ficas e coment\u00e1rios jurisprudenciais relacionados \u00e0 mat\u00e9ria da sua especialidade.<br \/>Assesoria dos membros do Comit\u00ea Consultivo para a Elabora\u00e7\u00e3o do Projeto de Lei de Reforma, Atualiza\u00e7\u00e3o e Consolida\u00e7\u00e3o do C\u00f3digo Penal da Na\u00e7\u00e3o (PEN designada pelo Decreto 678\/12)<br \/>Publica\u00e7\u00e3o do livro \u00abnegocia\u00e7\u00e3o Crime incompat\u00edvel com o servi\u00e7o civil. Antes e depois da Lei de \u00c9tica no exerc\u00edcio de fun\u00e7\u00f5es p\u00fablicas\u00bb, Hammurabi, 2017.<br \/>Idioma: ingl\u00eas<\/p>\n<p>[\/et_pb_blurb][\/et_pb_column][\/et_pb_row][et_pb_row column_structure=\u00bb1_2,1_2&#8243; custom_padding_last_edited=\u00bbon|phone\u00bb disabled_on=\u00bbon|off|off\u00bb module_id=\u00bbmarceloantoniosgro\u00bb _builder_version=\u00bb4.27.4&#8243; _module_preset=\u00bbdefault\u00bb background_enable_color=\u00bboff\u00bb width=\u00bb100%\u00bb max_width=\u00bb100%\u00bb custom_padding=\u00bb100px|7.5%|100px|7.5%|true|true\u00bb custom_padding_tablet=\u00bb100px|7.5%|100px|7.5%|true|true\u00bb custom_padding_phone=\u00bb100px|7.5%|50px|7.5%|false|true\u00bb global_colors_info=\u00bb{}\u00bb][et_pb_column type=\u00bb1_2&#8243; _builder_version=\u00bb4.27.4&#8243; _module_preset=\u00bbdefault\u00bb custom_padding=\u00bb0px||0px||false|false\u00bb global_colors_info=\u00bb{}\u00bb custom_css_main_element_last_edited=\u00bbon|phone\u00bb][et_pb_text _builder_version=\u00bb4.27.4&#8243; _module_preset=\u00bbdefault\u00bb text_font=\u00bbSatoshi|500|||||||\u00bb text_text_color=\u00bb#000000&#8243; text_font_size=\u00bb1.8vw\u00bb custom_margin=\u00bb||15px||false|false\u00bb custom_padding=\u00bb||0px||false|false\u00bb global_colors_info=\u00bb{}\u00bb]Marcelo Antonio Sgro[\/et_pb_text][et_pb_image src=\u00bbhttps:\/\/fdcabogados.com.ar\/por\/wp-content\/uploads\/2025\/11\/linkedin.png\u00bb title_text=\u00bblinkedin\u00bb url=\u00bbhttps:\/\/ar.linkedin.com\/in\/marcelo-antonio-sgro-98768092&#8243; url_new_window=\u00bbon\u00bb _builder_version=\u00bb4.27.4&#8243; _module_preset=\u00bbdefault\u00bb width=\u00bb1.5vw\u00bb custom_margin=\u00bb||10px||false|false\u00bb custom_padding=\u00bb0px||0px||false|false\u00bb global_colors_info=\u00bb{}\u00bb][\/et_pb_image][et_pb_blurb content_max_width=\u00bb100%\u00bb _builder_version=\u00bb4.27.4&#8243; _module_preset=\u00bbdefault\u00bb header_font=\u00bbSatoshi Medium||||||||\u00bb header_text_color=\u00bb#000000&#8243; header_font_size=\u00bb2.3vw\u00bb body_font=\u00bbSatoshi||||||||\u00bb body_text_color=\u00bb#000000&#8243; body_font_size=\u00bb1.3vw\u00bb body_line_height=\u00bb2.5vw\u00bb text_orientation=\u00bbjustified\u00bb module_alignment=\u00bbcenter\u00bb custom_margin=\u00bb0px||0px||false|false\u00bb custom_padding=\u00bb0px||0px||false|false\u00bb custom_padding_tablet=\u00bb0px||0px||false|false\u00bb custom_padding_phone=\u00bb50px||0px||false|false\u00bb custom_padding_last_edited=\u00bbon|phone\u00bb body_text_align_tablet=\u00bb\u00bb body_text_align_phone=\u00bbcenter\u00bb body_text_align_last_edited=\u00bbon|phone\u00bb body_font_size_tablet=\u00bb1.3vw\u00bb body_font_size_phone=\u00bb18px\u00bb body_font_size_last_edited=\u00bbon|phone\u00bb body_line_height_tablet=\u00bb2.5vw\u00bb body_line_height_phone=\u00bb35px\u00bb body_line_height_last_edited=\u00bbon|phone\u00bb custom_css_main_element=\u00bb  height: 100vh;        \/* Ajusta la altura que quieras *\/||  overflow-y: auto;     \/* Activa la barra vertical *\/||padding-right:20px;||\u00bb global_colors_info=\u00bb{}\u00bb]<\/p>\n<p style=\"font-weight: 400;\">Advogado. Orienta\u00e7\u00e3o: Direito Penal e Criminologia. Diploma de honra. Universidad de Buenos Aires, UBA (1991).<br \/>Secret\u00e1rio do Audit\u00f3rio Principal do Tribunal de Apela\u00e7\u00f5es Criminal e Correcional de San Isidro(1995-1996).<br \/>Advogado parceiro do Estudio Gil Lavedra &#8211; Romero Acu\u00f1a &amp; Asociados (1997-2013).<br \/>Professor adjunto regular de Direito Penal e Processual Penal na UBA.<br \/>Professor adjunto de Direito Penal II, parte especial da Universidad Cat\u00f3lica de Santiago del Estero<br \/>Professor do Mestrado em Direito Penal da Faculdade de Direito da Universidad de Palermo, desde 1998 at\u00e9 a data (tem ministrado numerosas mat\u00e9rias: \u00abDelitos contra a administra\u00e7\u00e3o p\u00fablica\u00bb; \u00abGarantias constitucionais do processo penal\u00bb; \u00abJurisprud\u00eancia recente da Corte Suprema de Justi\u00e7a da Na\u00e7\u00e3o em mat\u00e9ria penal e processual penal\u00bb; entre outras).<br \/>Professor do Instituto Superior de Estudos para a Justi\u00e7a (ISEJUS), Faculdade de Direito da Universidad de Buenos Aires, no qual ministrou a mat\u00e9ria de Teoria do Delito (a partir do ano 2000).<br \/>Fun\u00e7\u00e3o como j\u00fari de concursos na \u00e1rea universit\u00e1ria.<br \/>Designa\u00e7\u00f5es como j\u00fari ou jurista convidado em processos de sele\u00e7\u00e3o de magistrados do Poder Judici\u00e1rio e funcion\u00e1ri Minist\u00e9rio P\u00fablico da Na\u00e7\u00e3o.<br \/>Integrante da Se\u00e7\u00e3o de Direito Penal e Processual Penal do Instituto de Estudos Legislativos da Federa\u00e7\u00e3o Argentina de Col\u00e9gios de Advogados (2006).<br \/>Fundador e membro permanente do staff de redatores e membro da comiss\u00e3o assessora de reda\u00e7\u00e3o de v\u00e1rias revistas e publica\u00e7\u00f5es jur\u00eddicas especializadas (atualmente, reveste a condi\u00e7\u00e3o em \u00abCuadernos de Doctrina y Jurisprudencia Penal\u00bb).<br \/>Publicou numerosos artigos de doutrina, resenhas biogr\u00e1ficas e coment\u00e1rios jurisprudenciais relacionados \u00e0 mat\u00e9ria da sua especialidade.<br \/>Assesoria dos membros do Comit\u00ea Consultivo para a Elabora\u00e7\u00e3o do Projeto de Lei de Reforma, Atualiza\u00e7\u00e3o e Consolida\u00e7\u00e3o do C\u00f3digo Penal da Na\u00e7\u00e3o (PEN designada pelo Decreto 678\/12)<br \/>Publica\u00e7\u00e3o do livro \u00abnegocia\u00e7\u00e3o Crime incompat\u00edvel com o servi\u00e7o civil. Antes e depois da Lei de \u00c9tica no exerc\u00edcio de fun\u00e7\u00f5es p\u00fablicas\u00bb, Hammurabi, 2017.<br \/>Idioma: ingl\u00eas<\/p>\n<p>[\/et_pb_blurb][\/et_pb_column][et_pb_column type=\u00bb1_2&#8243; _builder_version=\u00bb4.27.4&#8243; _module_preset=\u00bbdefault\u00bb global_colors_info=\u00bb{}\u00bb custom_css_main_element_last_edited=\u00bbon|phone\u00bb][et_pb_image src=\u00bbhttps:\/\/fdcabogados.com.ar\/por\/wp-content\/uploads\/2025\/12\/equipo-marcelo-antonio-sgro.png\u00bb title_text=\u00bbequipo-marcelo-antonio-sgro\u00bb _builder_version=\u00bb4.27.4&#8243; _module_preset=\u00bbdefault\u00bb global_colors_info=\u00bb{}\u00bb][\/et_pb_image][\/et_pb_column][\/et_pb_row][et_pb_row column_structure=\u00bb1_2,1_2&#8243; custom_padding_last_edited=\u00bbon|phone\u00bb module_id=\u00bbfelipeandresgally\u00bb _builder_version=\u00bb4.27.4&#8243; _module_preset=\u00bbdefault\u00bb background_color=\u00bb#f2f2f2&#8243; width=\u00bb100%\u00bb max_width=\u00bb100%\u00bb custom_padding=\u00bb100px|7.5%|100px|7.5%|true|true\u00bb custom_padding_tablet=\u00bb100px|7.5%|100px|7.5%|true|true\u00bb custom_padding_phone=\u00bb50px|7.5%|50px|7.5%|false|true\u00bb global_colors_info=\u00bb{}\u00bb][et_pb_column type=\u00bb1_2&#8243; _builder_version=\u00bb4.27.4&#8243; _module_preset=\u00bbdefault\u00bb global_colors_info=\u00bb{}\u00bb][et_pb_image src=\u00bbhttps:\/\/fdcabogados.com.ar\/por\/wp-content\/uploads\/2025\/12\/equipo-felipe-andres-gally.png\u00bb title_text=\u00bbequipo-felipe-andres-gally\u00bb _builder_version=\u00bb4.27.4&#8243; _module_preset=\u00bbdefault\u00bb global_colors_info=\u00bb{}\u00bb][\/et_pb_image][\/et_pb_column][et_pb_column type=\u00bb1_2&#8243; _builder_version=\u00bb4.27.4&#8243; _module_preset=\u00bbdefault\u00bb custom_padding=\u00bb0px||0px||false|false\u00bb global_colors_info=\u00bb{}\u00bb][et_pb_text _builder_version=\u00bb4.27.4&#8243; _module_preset=\u00bbdefault\u00bb text_font=\u00bbSatoshi|500|||||||\u00bb text_text_color=\u00bb#000000&#8243; text_font_size=\u00bb1.8vw\u00bb custom_margin=\u00bb||15px||false|false\u00bb custom_padding=\u00bb||0px||false|false\u00bb text_font_size_tablet=\u00bb1.8vw\u00bb text_font_size_phone=\u00bb25px\u00bb text_font_size_last_edited=\u00bbon|phone\u00bb text_orientation_tablet=\u00bb\u00bb text_orientation_phone=\u00bbcenter\u00bb text_orientation_last_edited=\u00bbon|phone\u00bb global_colors_info=\u00bb{}\u00bb]Felipe Andr\u00e9s Gally[\/et_pb_text][et_pb_image src=\u00bbhttps:\/\/fdcabogados.com.ar\/por\/wp-content\/uploads\/2025\/11\/linkedin.png\u00bb title_text=\u00bblinkedin\u00bb url=\u00bbhttps:\/\/ar.linkedin.com\/in\/felipe-andr%C3%A9s-gally-03084428b\u00bb url_new_window=\u00bbon\u00bb align_tablet=\u00bb\u00bb align_phone=\u00bbcenter\u00bb align_last_edited=\u00bbon|phone\u00bb _builder_version=\u00bb4.27.4&#8243; _module_preset=\u00bbdefault\u00bb width=\u00bb1.5vw\u00bb width_tablet=\u00bb1.5vw\u00bb width_phone=\u00bb25px\u00bb width_last_edited=\u00bbon|phone\u00bb custom_margin=\u00bb||10px||false|false\u00bb custom_padding=\u00bb0px||0px||false|false\u00bb global_colors_info=\u00bb{}\u00bb][\/et_pb_image][et_pb_blurb content_max_width=\u00bb100%\u00bb module_class=\u00bbmodulo-scroll-bloqueado\u00bb _builder_version=\u00bb4.27.4&#8243; _module_preset=\u00bbdefault\u00bb header_font=\u00bbSatoshi Medium||||||||\u00bb header_text_color=\u00bb#000000&#8243; header_font_size=\u00bb2.3vw\u00bb body_font=\u00bbSatoshi||||||||\u00bb body_text_color=\u00bb#000000&#8243; body_font_size=\u00bb1.3vw\u00bb body_line_height=\u00bb2.5vw\u00bb text_orientation=\u00bbjustified\u00bb module_alignment=\u00bbcenter\u00bb custom_margin=\u00bb0px||0px||false|false\u00bb custom_padding=\u00bb0px||0px||false|false\u00bb custom_padding_tablet=\u00bb0px||0px||false|false\u00bb custom_padding_phone=\u00bb0px||0px||false|false\u00bb custom_padding_last_edited=\u00bbon|phone\u00bb hover_enabled=\u00bb0&#8243; body_font_size_tablet=\u00bb1.3vw\u00bb body_font_size_phone=\u00bb18px\u00bb body_font_size_last_edited=\u00bbon|phone\u00bb body_line_height_tablet=\u00bb2.5vw\u00bb body_line_height_phone=\u00bb35px\u00bb body_line_height_last_edited=\u00bbon|phone\u00bb custom_css_main_element=\u00bb  height: 100vh;        \/* Ajusta la altura que quieras *\/||  overflow-y: auto;     \/* Activa la barra vertical *\/||padding-right:20px;||\u00bb global_colors_info=\u00bb{}\u00bb custom_css_main_element_last_edited=\u00bbon|phone\u00bb custom_css_main_element_phone=\u00bb  height: auto;        \/* Ajusta la altura que quieras *\/||  overflow-y: none;     \/* Activa la barra vertical *\/||padding-right:0px;||\u00bb custom_css_main_element_tablet=\u00bb  height: 100vh;        \/* Ajusta la altura que quieras *\/||  overflow-y: auto;     \/* Activa la barra vertical *\/||padding-right:20px;||\u00bb sticky_enabled=\u00bb0&#8243;]<\/p>\n<p style=\"font-weight: 400;\">Advogada com o Diploma de Honra pela Faculdade de Direito da Universidade de Buenos Aires (2014).<br \/>\nEspecializa\u00e7\u00e3o em Direito Penal pela Universidad Torcuato Di Tella (2018).<br \/>\nMestre em Direito Penal pela Universidad Torcuato Di Tella.<br \/>\nFormado em est\u00fadio desde 2009.<br \/>\nIdiomas: ingl\u00eas, italiano e franc\u00eas.<br \/>\nColabora\u00e7\u00e3o com o Professor Dr. Gabriel E. P\u00e9rez Barber\u00e1 na cita\u00e7\u00e3o de jurisprud\u00eancia da obra \u00abDireito Processual Penal. Volume IV &#8211; Os procedimentos\u00bb, Maier, Pastor, P\u00e9rez Barber\u00e1, Sarrabayrouse, Editora Ad-hoc, Buenos Aires, 2023.<br \/>\nColabora\u00e7\u00e3o com o Professor Dr. Gabriel E. P\u00e9rez Barber\u00e1 na edi\u00e7\u00e3o da obra \u00abPena, il\u00edcito e culpa. Uma discuss\u00e3o com Michael Pawlik\u00bb, Diretor Gabriel E. P\u00e9rez Barber\u00e1, editora Marcial Pons, Madrid, 2022.<br \/>\nColaborador do professor D\u00edaz Cant\u00f3n no curso &quot;Os Recursos no Processo Penal&quot; no Mestrado e na Especializa\u00e7\u00e3o em Direito Penal, sob a coordena\u00e7\u00e3o dos diretores Ezequiel Malarino e Daniel Pastor, da Universidade de San Andr\u00e9s, desde o ano de 2020.\n<\/p>\n<p>[\/et_pb_blurb][\/et_pb_column][\/et_pb_row][et_pb_row column_structure=\u00bb1_2,1_2&#8243; use_custom_gutter=\u00bbon\u00bb make_equal=\u00bbon\u00bb custom_padding_last_edited=\u00bbon|phone\u00bb module_id=\u00bbcontacto\u00bb _builder_version=\u00bb4.27.4&#8243; _module_preset=\u00bbdefault\u00bb background_color=\u00bb#f7f7f7&#8243; width=\u00bb90%\u00bb max_width=\u00bb100%\u00bb custom_margin=\u00bb100px|auto|100px|auto|false|false\u00bb custom_margin_tablet=\u00bb100px|auto|100px|auto|false|false\u00bb custom_margin_phone=\u00bb75px|auto|0px|auto|false|false\u00bb custom_margin_last_edited=\u00bbon|phone\u00bb custom_padding=\u00bb100px|5%|100px|5%|true|true\u00bb custom_padding_tablet=\u00bb100px|5%|100px|5%|true|true\u00bb custom_padding_phone=\u00bb50px||25px||false|true\u00bb border_radii=\u00bboff|45px|45px|45px|45px\u00bb global_module=\u00bb548&#8243; saved_tabs=\u00bball\u00bb global_colors_info=\u00bb{}\u00bb][et_pb_column type=\u00bb1_2&#8243; _builder_version=\u00bb4.27.4&#8243; _module_preset=\u00bbdefault\u00bb global_colors_info=\u00bb{}\u00bb][et_pb_blurb title=\u00bbContato\u00bb content_max_width=\u00bb100%\u00bb _builder_version=\u00bb4.27.4&#8243; _module_preset=\u00bbdefault\u00bb header_font=\u00bbSatoshi Medium||||||||\u00bb header_text_color=\u00bb#000000&#8243; header_font_size=\u00bb2.3vw\u00bb body_font=\u00bbSatoshi||||||||\u00bb body_text_color=\u00bb#000000&#8243; body_font_size=\u00bb1.3vw\u00bb body_line_height=\u00bb2.5vw\u00bb module_alignment=\u00bbright\u00bb custom_padding=\u00bb||||false|false\u00bb header_font_size_tablet=\u00bb2.3vw\u00bb header_font_size_phone=\u00bb30px\u00bb header_font_size_last_edited=\u00bbon|phone\u00bb header_line_height_tablet=\u00bb\u00bb header_line_height_phone=\u00bb\u00bb header_line_height_last_edited=\u00bbon|phone\u00bb body_font_size_tablet=\u00bb1.3vw\u00bb body_font_size_phone=\u00bb18px\u00bb body_font_size_last_edited=\u00bbon|phone\u00bb body_line_height_tablet=\u00bb2.5vw\u00bb body_line_height_phone=\u00bb30px\u00bb body_line_height_last_edited=\u00bbon|phone\u00bb text_orientation_tablet=\u00bb\u00bb text_orientation_phone=\u00bbcenter\u00bb text_orientation_last_edited=\u00bbon|phone\u00bb custom_css_blurb_title=\u00bbmargin-bottom:2.5vw;\u00bb global_colors_info=\u00bb{}\u00bb]<\/p>\n<p><span style=\"text-decoration: underline;\">Preencha o formul\u00e1rio<\/span><span style=\"font-weight: 400;\"> abaixo com seus dados para nos enviar uma mensagem ou consulta, e responderemos o mais breve poss\u00edvel.<\/span><\/p>\n<p>[\/et_pb_blurb][et_pb_contact_form captcha=\u00bboff\u00bb email=\u00bbinfo@fdcabogados.com.ar\u00bb custom_message=\u00bbMensaje recibido desde la web versi\u00f3n portugu\u00e9s:||et_pb_line_break_holder||||et_pb_line_break_holder||Nombre y Apellido: %%Name%%||et_pb_line_break_holder||Correo electr\u00f3nico: %%Email%%||et_pb_line_break_holder||Tel\u00e9fono \/ WhatsApp: %%Telefono%%||et_pb_line_break_holder||Motivo: %%Motivo%%||et_pb_line_break_holder||Mensaje: %%Mensaje%%\u00bb success_message=\u00bbO formul\u00e1rio foi enviado com sucesso. Em breve entraremos em contato com voc\u00ea. Muito obrigado!\u00bb _builder_version=\u00bb4.27.4&#8243; _module_preset=\u00bbdefault\u00bb _unique_id=\u00bb856cd565-72d9-4ba2-8ad6-6c6ded45477d\u00bb form_field_custom_padding=\u00bb|||25px|false|false\u00bb custom_button=\u00bbon\u00bb button_text_size=\u00bb1.1vw\u00bb button_text_color=\u00bb#FFFFFF\u00bb button_bg_color=\u00bb#919191&#8243; button_border_width=\u00bb0px\u00bb button_border_radius=\u00bb45px\u00bb button_font=\u00bbSatoshi||||||||\u00bb button_custom_padding=\u00bb15px|20px|15px|20px|true|true\u00bb module_alignment=\u00bbcenter\u00bb button_text_size_tablet=\u00bb1.1vw\u00bb button_text_size_phone=\u00bb18px\u00bb button_text_size_last_edited=\u00bbon|phone\u00bb custom_css_contact_button=\u00bbwidth:100%!important;\u00bb global_colors_info=\u00bb{}\u00bb][et_pb_contact_field field_id=\u00bbName\u00bb field_title=\u00bbNome e Sobrenome\u00bb fullwidth_field=\u00bbon\u00bb _builder_version=\u00bb4.27.4&#8243; form_field_background_color=\u00bb#FFFFFF\u00bb form_field_text_color=\u00bb#000000&#8243; form_field_focus_text_color=\u00bb#000000&#8243; form_field_font=\u00bbSatoshi||||||||\u00bb form_field_font_size=\u00bb1.3vw\u00bb background_color=\u00bbRGBA(255,255,255,0)\u00bb background_enable_color=\u00bbon\u00bb custom_padding=\u00bb||||false|false\u00bb form_field_font_size_tablet=\u00bb1.3vw\u00bb form_field_font_size_phone=\u00bb18px\u00bb form_field_font_size_last_edited=\u00bbon|phone\u00bb border_radii=\u00bbon|45px|45px|45px|45px\u00bb global_colors_info=\u00bb{}\u00bb button_text_size__hover_enabled=\u00bboff\u00bb button_one_text_size__hover_enabled=\u00bboff\u00bb button_two_text_size__hover_enabled=\u00bboff\u00bb button_text_color__hover_enabled=\u00bboff\u00bb button_one_text_color__hover_enabled=\u00bboff\u00bb button_two_text_color__hover_enabled=\u00bboff\u00bb button_border_width__hover_enabled=\u00bboff\u00bb button_one_border_width__hover_enabled=\u00bboff\u00bb button_two_border_width__hover_enabled=\u00bboff\u00bb button_border_color__hover_enabled=\u00bboff\u00bb button_one_border_color__hover_enabled=\u00bboff\u00bb button_two_border_color__hover_enabled=\u00bboff\u00bb button_border_radius__hover_enabled=\u00bboff\u00bb button_one_border_radius__hover_enabled=\u00bboff\u00bb button_two_border_radius__hover_enabled=\u00bboff\u00bb button_letter_spacing__hover_enabled=\u00bboff\u00bb button_one_letter_spacing__hover_enabled=\u00bboff\u00bb button_two_letter_spacing__hover_enabled=\u00bboff\u00bb button_bg_color__hover_enabled=\u00bboff\u00bb button_one_bg_color__hover_enabled=\u00bboff\u00bb button_two_bg_color__hover_enabled=\u00bboff\u00bb][\/et_pb_contact_field][et_pb_contact_field field_id=\u00bbEmail\u00bb field_title=\u00bbE-Mail\u00bb field_type=\u00bbemail\u00bb fullwidth_field=\u00bbon\u00bb _builder_version=\u00bb4.27.4&#8243; form_field_background_color=\u00bb#FFFFFF\u00bb form_field_text_color=\u00bb#000000&#8243; form_field_focus_text_color=\u00bb#000000&#8243; form_field_font=\u00bbSatoshi||||||||\u00bb form_field_font_size=\u00bb1.3vw\u00bb background_color=\u00bbRGBA(255,255,255,0)\u00bb background_enable_color=\u00bbon\u00bb custom_padding=\u00bb||||false|false\u00bb form_field_font_size_tablet=\u00bb1.3vw\u00bb form_field_font_size_phone=\u00bb18px\u00bb form_field_font_size_last_edited=\u00bbon|phone\u00bb border_radii=\u00bbon|45px|45px|45px|45px\u00bb global_colors_info=\u00bb{}\u00bb button_text_size__hover_enabled=\u00bboff\u00bb button_one_text_size__hover_enabled=\u00bboff\u00bb button_two_text_size__hover_enabled=\u00bboff\u00bb button_text_color__hover_enabled=\u00bboff\u00bb button_one_text_color__hover_enabled=\u00bboff\u00bb button_two_text_color__hover_enabled=\u00bboff\u00bb button_border_width__hover_enabled=\u00bboff\u00bb button_one_border_width__hover_enabled=\u00bboff\u00bb button_two_border_width__hover_enabled=\u00bboff\u00bb button_border_color__hover_enabled=\u00bboff\u00bb button_one_border_color__hover_enabled=\u00bboff\u00bb button_two_border_color__hover_enabled=\u00bboff\u00bb button_border_radius__hover_enabled=\u00bboff\u00bb button_one_border_radius__hover_enabled=\u00bboff\u00bb button_two_border_radius__hover_enabled=\u00bboff\u00bb button_letter_spacing__hover_enabled=\u00bboff\u00bb button_one_letter_spacing__hover_enabled=\u00bboff\u00bb button_two_letter_spacing__hover_enabled=\u00bboff\u00bb button_bg_color__hover_enabled=\u00bboff\u00bb button_one_bg_color__hover_enabled=\u00bboff\u00bb button_two_bg_color__hover_enabled=\u00bboff\u00bb][\/et_pb_contact_field][et_pb_contact_field field_id=\u00bbTelefono\u00bb field_title=\u00bbTelefone \/ WhatsApp\u00bb fullwidth_field=\u00bbon\u00bb _builder_version=\u00bb4.27.4&#8243; form_field_background_color=\u00bb#FFFFFF\u00bb form_field_text_color=\u00bb#000000&#8243; form_field_focus_text_color=\u00bb#000000&#8243; form_field_font=\u00bbSatoshi||||||||\u00bb form_field_font_size=\u00bb1.3vw\u00bb background_color=\u00bbRGBA(255,255,255,0)\u00bb background_enable_color=\u00bbon\u00bb custom_padding=\u00bb||||false|false\u00bb form_field_font_size_tablet=\u00bb1.3vw\u00bb form_field_font_size_phone=\u00bb18px\u00bb form_field_font_size_last_edited=\u00bbon|phone\u00bb border_radii=\u00bbon|45px|45px|45px|45px\u00bb global_colors_info=\u00bb{}\u00bb button_text_size__hover_enabled=\u00bboff\u00bb button_one_text_size__hover_enabled=\u00bboff\u00bb button_two_text_size__hover_enabled=\u00bboff\u00bb button_text_color__hover_enabled=\u00bboff\u00bb button_one_text_color__hover_enabled=\u00bboff\u00bb button_two_text_color__hover_enabled=\u00bboff\u00bb button_border_width__hover_enabled=\u00bboff\u00bb button_one_border_width__hover_enabled=\u00bboff\u00bb button_two_border_width__hover_enabled=\u00bboff\u00bb button_border_color__hover_enabled=\u00bboff\u00bb button_one_border_color__hover_enabled=\u00bboff\u00bb button_two_border_color__hover_enabled=\u00bboff\u00bb button_border_radius__hover_enabled=\u00bboff\u00bb button_one_border_radius__hover_enabled=\u00bboff\u00bb button_two_border_radius__hover_enabled=\u00bboff\u00bb button_letter_spacing__hover_enabled=\u00bboff\u00bb button_one_letter_spacing__hover_enabled=\u00bboff\u00bb button_two_letter_spacing__hover_enabled=\u00bboff\u00bb button_bg_color__hover_enabled=\u00bboff\u00bb button_one_bg_color__hover_enabled=\u00bboff\u00bb button_two_bg_color__hover_enabled=\u00bboff\u00bb][\/et_pb_contact_field][et_pb_contact_field field_id=\u00bbMotivo\u00bb field_title=\u00bbMotivo da consulta\u00bb fullwidth_field=\u00bbon\u00bb _builder_version=\u00bb4.27.4&#8243; form_field_background_color=\u00bb#FFFFFF\u00bb form_field_text_color=\u00bb#000000&#8243; form_field_focus_text_color=\u00bb#000000&#8243; form_field_font=\u00bbSatoshi||||||||\u00bb form_field_font_size=\u00bb1.3vw\u00bb background_color=\u00bbRGBA(255,255,255,0)\u00bb background_enable_color=\u00bbon\u00bb custom_padding=\u00bb||||false|false\u00bb form_field_font_size_tablet=\u00bb1.3vw\u00bb form_field_font_size_phone=\u00bb18px\u00bb form_field_font_size_last_edited=\u00bbon|phone\u00bb border_radii=\u00bbon|45px|45px|45px|45px\u00bb global_colors_info=\u00bb{}\u00bb button_text_size__hover_enabled=\u00bboff\u00bb button_one_text_size__hover_enabled=\u00bboff\u00bb button_two_text_size__hover_enabled=\u00bboff\u00bb button_text_color__hover_enabled=\u00bboff\u00bb button_one_text_color__hover_enabled=\u00bboff\u00bb button_two_text_color__hover_enabled=\u00bboff\u00bb button_border_width__hover_enabled=\u00bboff\u00bb button_one_border_width__hover_enabled=\u00bboff\u00bb button_two_border_width__hover_enabled=\u00bboff\u00bb button_border_color__hover_enabled=\u00bboff\u00bb button_one_border_color__hover_enabled=\u00bboff\u00bb button_two_border_color__hover_enabled=\u00bboff\u00bb button_border_radius__hover_enabled=\u00bboff\u00bb button_one_border_radius__hover_enabled=\u00bboff\u00bb button_two_border_radius__hover_enabled=\u00bboff\u00bb button_letter_spacing__hover_enabled=\u00bboff\u00bb button_one_letter_spacing__hover_enabled=\u00bboff\u00bb button_two_letter_spacing__hover_enabled=\u00bboff\u00bb button_bg_color__hover_enabled=\u00bboff\u00bb button_one_bg_color__hover_enabled=\u00bboff\u00bb button_two_bg_color__hover_enabled=\u00bboff\u00bb][\/et_pb_contact_field][et_pb_contact_field field_id=\u00bbMensaje\u00bb field_title=\u00bbMensagem\u00bb field_type=\u00bbtext\u00bb fullwidth_field=\u00bbon\u00bb _builder_version=\u00bb4.27.4&#8243; form_field_background_color=\u00bb#FFFFFF\u00bb form_field_text_color=\u00bb#000000&#8243; form_field_focus_text_color=\u00bb#000000&#8243; form_field_font=\u00bbSatoshi||||||||\u00bb form_field_font_size=\u00bb1.3vw\u00bb background_color=\u00bbRGBA(255,255,255,0)\u00bb background_enable_color=\u00bbon\u00bb custom_padding=\u00bb||||false|false\u00bb form_field_font_size_tablet=\u00bb1.3vw\u00bb form_field_font_size_phone=\u00bb18px\u00bb form_field_font_size_last_edited=\u00bbon|phone\u00bb border_radii=\u00bbon|45px|45px|45px|45px\u00bb global_colors_info=\u00bb{}\u00bb button_text_size__hover_enabled=\u00bboff\u00bb button_one_text_size__hover_enabled=\u00bboff\u00bb button_two_text_size__hover_enabled=\u00bboff\u00bb button_text_color__hover_enabled=\u00bboff\u00bb button_one_text_color__hover_enabled=\u00bboff\u00bb button_two_text_color__hover_enabled=\u00bboff\u00bb button_border_width__hover_enabled=\u00bboff\u00bb button_one_border_width__hover_enabled=\u00bboff\u00bb button_two_border_width__hover_enabled=\u00bboff\u00bb button_border_color__hover_enabled=\u00bboff\u00bb button_one_border_color__hover_enabled=\u00bboff\u00bb button_two_border_color__hover_enabled=\u00bboff\u00bb button_border_radius__hover_enabled=\u00bboff\u00bb button_one_border_radius__hover_enabled=\u00bboff\u00bb button_two_border_radius__hover_enabled=\u00bboff\u00bb button_letter_spacing__hover_enabled=\u00bboff\u00bb button_one_letter_spacing__hover_enabled=\u00bboff\u00bb button_two_letter_spacing__hover_enabled=\u00bboff\u00bb button_bg_color__hover_enabled=\u00bboff\u00bb button_one_bg_color__hover_enabled=\u00bboff\u00bb button_two_bg_color__hover_enabled=\u00bboff\u00bb][\/et_pb_contact_field][\/et_pb_contact_form][\/et_pb_column][et_pb_column type=\u00bb1_2&#8243; _builder_version=\u00bb4.27.4&#8243; _module_preset=\u00bbdefault\u00bb background_color=\u00bb#000000&#8243; custom_padding=\u00bb55px|50px|100px|50px|false|true\u00bb custom_padding_tablet=\u00bb55px|50px|100px|50px|false|true\u00bb custom_padding_phone=\u00bb55px|25px|75px|25px|false|true\u00bb custom_padding_last_edited=\u00bbon|phone\u00bb custom_css_main_element=\u00bbmargin-top:15vw!important;\u00bb border_radii=\u00bbon|45px|45px|45px|45px\u00bb global_colors_info=\u00bb{}\u00bb custom_css_main_element_last_edited=\u00bbon|phone\u00bb custom_css_main_element_phone=\u00bbmargin-top:0px;\u00bb custom_css_main_element_tablet=\u00bbmargin-top:15vw!important;\u00bb][et_pb_blurb title=\u00bbMais informa\u00e7\u00f5es\u00bb _builder_version=\u00bb4.27.4&#8243; _module_preset=\u00bbdefault\u00bb header_font=\u00bbSatoshi||||on||||\u00bb header_text_color=\u00bb#FFFFFF\u00bb header_font_size=\u00bb1.3vw\u00bb body_font=\u00bbSatoshi|300|||||||\u00bb body_text_color=\u00bb#FFFFFF\u00bb body_font_size=\u00bb1.3vw\u00bb module_alignment=\u00bbcenter\u00bb custom_padding=\u00bb||||false|false\u00bb header_font_size_tablet=\u00bb1.3vw\u00bb header_font_size_phone=\u00bb18px\u00bb header_font_size_last_edited=\u00bbon|phone\u00bb text_orientation_tablet=\u00bb\u00bb text_orientation_phone=\u00bbcenter\u00bb text_orientation_last_edited=\u00bbon|phone\u00bb global_colors_info=\u00bb{}\u00bb][\/et_pb_blurb][et_pb_blurb title=\u00bbEndere\u00e7o\u00bb _builder_version=\u00bb4.27.4&#8243; _module_preset=\u00bbdefault\u00bb header_font=\u00bbSatoshi||||on||||\u00bb header_text_color=\u00bb#FFFFFF\u00bb header_font_size=\u00bb1.3vw\u00bb body_font=\u00bbSatoshi|300|||||||\u00bb body_text_color=\u00bb#FFFFFF\u00bb body_font_size=\u00bb1.3vw\u00bb module_alignment=\u00bbcenter\u00bb custom_padding=\u00bb||||false|false\u00bb header_font_size_tablet=\u00bb1.3vw\u00bb header_font_size_phone=\u00bb18px\u00bb header_font_size_last_edited=\u00bbon|phone\u00bb body_font_size_tablet=\u00bb1.3vw\u00bb body_font_size_phone=\u00bb18px\u00bb body_font_size_last_edited=\u00bbon|phone\u00bb body_line_height_tablet=\u00bb\u00bb body_line_height_phone=\u00bb30px\u00bb body_line_height_last_edited=\u00bbon|phone\u00bb text_orientation_tablet=\u00bb\u00bb text_orientation_phone=\u00bbcenter\u00bb text_orientation_last_edited=\u00bbon|phone\u00bb global_colors_info=\u00bb{}\u00bb]<\/p>\n<p>Lavalle 1447, 1\u00ba cuerpo, 3\u00ba piso, oficina \u00ab8\u00bb<br \/>C1048AAI, Ciudad Aut\u00f3noma de Buenos Aires.<\/p>\n<p>[\/et_pb_blurb][et_pb_blurb title=\u00bbE-mail\u00bb content_max_width_tablet=\u00bb\u00bb content_max_width_phone=\u00bb100%\u00bb content_max_width_last_edited=\u00bbon|phone\u00bb _builder_version=\u00bb4.27.4&#8243; _module_preset=\u00bbdefault\u00bb header_font=\u00bbSatoshi||||on||||\u00bb header_text_color=\u00bb#FFFFFF\u00bb header_font_size=\u00bb1.3vw\u00bb body_font=\u00bbSatoshi|300|||||||\u00bb body_text_color=\u00bb#FFFFFF\u00bb body_font_size=\u00bb1.3vw\u00bb width_tablet=\u00bb\u00bb width_phone=\u00bb100%\u00bb width_last_edited=\u00bbon|phone\u00bb max_width_tablet=\u00bb\u00bb max_width_phone=\u00bb100%\u00bb max_width_last_edited=\u00bbon|phone\u00bb module_alignment=\u00bbcenter\u00bb custom_padding=\u00bb||||false|false\u00bb header_font_size_tablet=\u00bb1.3vw\u00bb header_font_size_phone=\u00bb18px\u00bb header_font_size_last_edited=\u00bbon|phone\u00bb body_font_size_tablet=\u00bb1.3vw\u00bb body_font_size_phone=\u00bb18px\u00bb body_font_size_last_edited=\u00bbon|phone\u00bb body_line_height_tablet=\u00bb\u00bb body_line_height_phone=\u00bb30px\u00bb body_line_height_last_edited=\u00bbon|phone\u00bb text_orientation_tablet=\u00bb\u00bb text_orientation_phone=\u00bbcenter\u00bb text_orientation_last_edited=\u00bbon|phone\u00bb global_colors_info=\u00bb{}\u00bb]<\/p>\n<p>info@fdcabogados.com.ar<\/p>\n<p>[\/et_pb_blurb][et_pb_blurb title=\u00bbTelefone\u00bb _builder_version=\u00bb4.27.4&#8243; _module_preset=\u00bbdefault\u00bb header_font=\u00bbSatoshi||||on||||\u00bb header_text_color=\u00bb#FFFFFF\u00bb header_font_size=\u00bb1.3vw\u00bb body_font=\u00bbSatoshi|300|||||||\u00bb body_text_color=\u00bb#FFFFFF\u00bb body_font_size=\u00bb1.3vw\u00bb module_alignment=\u00bbcenter\u00bb custom_padding=\u00bb||||false|false\u00bb header_font_size_tablet=\u00bb1.3vw\u00bb header_font_size_phone=\u00bb18px\u00bb header_font_size_last_edited=\u00bbon|phone\u00bb body_font_size_tablet=\u00bb1.3vw\u00bb body_font_size_phone=\u00bb18px\u00bb body_font_size_last_edited=\u00bbon|phone\u00bb body_line_height_tablet=\u00bb\u00bb body_line_height_phone=\u00bb30px\u00bb body_line_height_last_edited=\u00bbon|phone\u00bb text_orientation_tablet=\u00bb\u00bb text_orientation_phone=\u00bbcenter\u00bb text_orientation_last_edited=\u00bbon|phone\u00bb global_colors_info=\u00bb{}\u00bb](+5411) 4374-8358[\/et_pb_blurb][et_pb_blurb title=\u00bbSecretaria\u00bb _builder_version=\u00bb4.27.4&#8243; _module_preset=\u00bbdefault\u00bb header_font=\u00bbSatoshi||||on||||\u00bb header_text_color=\u00bb#FFFFFF\u00bb header_font_size=\u00bb1.3vw\u00bb body_font=\u00bbSatoshi|300|||||||\u00bb body_text_color=\u00bb#FFFFFF\u00bb body_font_size=\u00bb1.3vw\u00bb module_alignment=\u00bbcenter\u00bb custom_padding=\u00bb||||false|false\u00bb header_font_size_tablet=\u00bb1.3vw\u00bb header_font_size_phone=\u00bb18px\u00bb header_font_size_last_edited=\u00bbon|phone\u00bb body_font_size_tablet=\u00bb1.3vw\u00bb body_font_size_phone=\u00bb18px\u00bb body_font_size_last_edited=\u00bbon|phone\u00bb body_line_height_tablet=\u00bb\u00bb body_line_height_phone=\u00bb30px\u00bb body_line_height_last_edited=\u00bbon|phone\u00bb text_orientation_tablet=\u00bb\u00bb text_orientation_phone=\u00bbcenter\u00bb text_orientation_last_edited=\u00bbon|phone\u00bb global_colors_info=\u00bb{}\u00bb]F\u00e1tima Victoria Medina[\/et_pb_blurb][\/et_pb_column][\/et_pb_row][et_pb_row make_equal=\u00bbon\u00bb _builder_version=\u00bb4.27.4&#8243; _module_preset=\u00bbdefault\u00bb width=\u00bb100%\u00bb max_width=\u00bb100%\u00bb global_module=\u00bb550&#8243; saved_tabs=\u00bball\u00bb global_colors_info=\u00bb{}\u00bb][et_pb_column type=\u00bb4_4&#8243; _builder_version=\u00bb4.27.4&#8243; _module_preset=\u00bbdefault\u00bb global_colors_info=\u00bb{}\u00bb][et_pb_code raw_content_tablet=\u00bb\u00bb raw_content_phone=\u00bb<iframe src=%22https:\/\/www.google.com\/maps\/embed?pb=!1m18!1m12!1m3!1d5381.455281724208!2d-58.39070473162661!3d-34.601723547708865!2m3!1f0!2f0!3f0!3m2!1i1024!2i768!4f13.1!3m3!1m2!1s0x95bccac6ea50000b%3A0x7f21d5e19b60930f!2sLavalle%201447%2C%20C1048AAI%20Cdad.%20Aut%C3%B3noma%20de%20Buenos%20Aires!5e0!3m2!1ses!2sar!4v1765979137881!5m2!1ses!2sar%22 width=%22100%%22 height=%22450%22 style=%22border:0;%22 allowfullscreen=%22%22 loading=%22lazy%22 referrerpolicy=%22no-referrer-when-downgrade%22><\/iframe>\u00bb raw_content_last_edited=\u00bbon|phone\u00bb _builder_version=\u00bb4.27.4&#8243; _module_preset=\u00bbdefault\u00bb global_colors_info=\u00bb{}\u00bb]<iframe src=\"https:\/\/www.google.com\/maps\/embed?pb=!1m18!1m12!1m3!1d5381.455281724208!2d-58.39070473162661!3d-34.601723547708865!2m3!1f0!2f0!3f0!3m2!1i1024!2i768!4f13.1!3m3!1m2!1s0x95bccac6ea50000b%3A0x7f21d5e19b60930f!2sLavalle%201447%2C%20C1048AAI%20Cdad.%20Aut%C3%B3noma%20de%20Buenos%20Aires!5e0!3m2!1ses!2sar!4v1765979137881!5m2!1ses!2sar\" width=\"100%\" height=\"550\" style=\"border:0;\" allowfullscreen=\"\" loading=\"lazy\" referrerpolicy=\"no-referrer-when-downgrade\"><\/iframe>[\/et_pb_code][\/et_pb_column][\/et_pb_row][\/et_pb_section][et_pb_section fb_built=\u00bb1&#8243; _builder_version=\u00bb4.27.4&#8243; _module_preset=\u00bbdefault\u00bb background_color=\u00bb#000000&#8243; custom_margin=\u00bb-34px||||false|false\u00bb custom_padding=\u00bb||||false|false\u00bb global_module=\u00bb551&#8243; saved_tabs=\u00bball\u00bb global_colors_info=\u00bb{}\u00bb][et_pb_row _builder_version=\u00bb4.27.4&#8243; _module_preset=\u00bbdefault\u00bb custom_padding=\u00bb||65px||false|false\u00bb border_color_all=\u00bb#eaeaea\u00bb border_width_bottom=\u00bb0.5px\u00bb global_colors_info=\u00bb{}\u00bb][et_pb_column type=\u00bb4_4&#8243; _builder_version=\u00bb4.27.4&#8243; _module_preset=\u00bbdefault\u00bb global_colors_info=\u00bb{}\u00bb][et_pb_image src=\u00bbhttps:\/\/fdcabogados.com.ar\/por\/wp-content\/uploads\/2025\/11\/logo-footer.png\u00bb title_text=\u00bblogo-footer\u00bb url=\u00bbhttps:\/\/fdcabogados.com.ar\/por\/\u00bb align=\u00bbcenter\u00bb _builder_version=\u00bb4.27.4&#8243; _module_preset=\u00bbdefault\u00bb width=\u00bb350px\u00bb width_tablet=\u00bb350px\u00bb width_phone=\u00bb100%\u00bb width_last_edited=\u00bbon|phone\u00bb module_alignment=\u00bbcenter\u00bb custom_padding=\u00bb||35px||false|false\u00bb global_colors_info=\u00bb{}\u00bb][\/et_pb_image][et_pb_text _builder_version=\u00bb4.27.4&#8243; _module_preset=\u00bbdefault\u00bb text_font=\u00bbSatoshi|300|||||||\u00bb text_text_color=\u00bb#FFFFFF\u00bb text_font_size=\u00bb1.3vw\u00bb text_line_height=\u00bb2.5vw\u00bb text_orientation=\u00bbcenter\u00bb width=\u00bb50vw\u00bb width_tablet=\u00bb50vw\u00bb width_phone=\u00bb100%\u00bb width_last_edited=\u00bbon|phone\u00bb max_width_tablet=\u00bb\u00bb max_width_phone=\u00bb100%\u00bb max_width_last_edited=\u00bbon|phone\u00bb module_alignment=\u00bbcenter\u00bb text_font_size_tablet=\u00bb1.3vw\u00bb text_font_size_phone=\u00bb18px\u00bb text_font_size_last_edited=\u00bbon|phone\u00bb text_line_height_tablet=\u00bb2.5vw\u00bb text_line_height_phone=\u00bb30px\u00bb text_line_height_last_edited=\u00bbon|phone\u00bb global_colors_info=\u00bb{}\u00bb]<\/p>\n<p>Somos um escrit\u00f3rio dedicado ao direito penal, com uma trajet\u00f3ria constru\u00edda na experi\u00eancia, no crit\u00e9rio e na confian\u00e7a de nossos clientes.<\/p>\n<p>[\/et_pb_text][\/et_pb_column][\/et_pb_row][et_pb_row _builder_version=\u00bb4.27.4&#8243; _module_preset=\u00bbdefault\u00bb custom_padding=\u00bb65px||0px||false|false\u00bb border_color_all=\u00bb#eaeaea\u00bb global_colors_info=\u00bb{}\u00bb][et_pb_column type=\u00bb4_4&#8243; _builder_version=\u00bb4.27.4&#8243; _module_preset=\u00bbdefault\u00bb global_colors_info=\u00bb{}\u00bb][et_pb_social_media_follow _builder_version=\u00bb4.27.4&#8243; _module_preset=\u00bbdefault\u00bb text_orientation=\u00bbcenter\u00bb global_colors_info=\u00bb{}\u00bb][et_pb_social_media_follow_network social_network=\u00bblinkedin\u00bb url=\u00bbhttps:\/\/ar.linkedin.com\/in\/fernando-d%C3%AD-az-cant%C3%B3n-2020511b\u00bb icon_color=\u00bb#FFFFFF\u00bb _builder_version=\u00bb4.27.4&#8243; _module_preset=\u00bbdefault\u00bb background_color=\u00bb#000000&#8243; background_enable_color=\u00bbon\u00bb custom_padding=\u00bb10px|10px|10px|10px|true|true\u00bb border_radii=\u00bbon|50px|50px|50px|50px\u00bb border_width_all=\u00bb1px\u00bb border_color_all=\u00bb#FFFFFF\u00bb global_colors_info=\u00bb{}\u00bb follow_button=\u00bboff\u00bb url_new_window=\u00bbon\u00bb]linkedin[\/et_pb_social_media_follow_network][et_pb_social_media_follow_network social_network=\u00bbtwitter\u00bb icon_color=\u00bb#FFFFFF\u00bb _builder_version=\u00bb4.27.4&#8243; _module_preset=\u00bbdefault\u00bb background_color=\u00bb#000000&#8243; background_enable_color=\u00bbon\u00bb custom_padding=\u00bb10px|10px|10px|10px|true|true\u00bb border_radii=\u00bbon|50px|50px|50px|50px\u00bb border_width_all=\u00bb1px\u00bb border_color_all=\u00bb#FFFFFF\u00bb global_colors_info=\u00bb{}\u00bb follow_button=\u00bboff\u00bb url_new_window=\u00bbon\u00bb]X[\/et_pb_social_media_follow_network][\/et_pb_social_media_follow][et_pb_text content_tablet=\u00bb<\/p>\n<p>Copyright \u00a9 2025 <span style=%22color: #919191;%22>D\u00edaz Cant\u00f3n, SGRO &#038; Gally Abogados.<\/span> Todos los derechos reservados.<\/p>\n<p>\u00bb content_phone=\u00bb<\/p>\n<p>Copyright \u00a9 2025<br \/><span style=%22color: #919191;%22>D\u00edaz Cant\u00f3n, Sgro &#038; Gally Abogados.<br \/><\/span>Todos los derechos reservados.<\/p>\n<p>\u00bb content_last_edited=\u00bbon|phone\u00bb _builder_version=\u00bb4.27.4&#8243; _module_preset=\u00bbdefault\u00bb text_font=\u00bbSatoshi||||||||\u00bb text_font_size=\u00bb1.1vw\u00bb text_orientation=\u00bbcenter\u00bb custom_padding=\u00bb30px||||false|false\u00bb text_font_size_tablet=\u00bb1.1vw\u00bb text_font_size_phone=\u00bb15px\u00bb text_font_size_last_edited=\u00bbon|phone\u00bb global_colors_info=\u00bb{}\u00bb]Copyright \u00a9 2025 <span style=\"color: #919191;\">D\u00edaz Cant\u00f3n, SGRO &amp; Gally Abogados.<\/span> Todos os direitos reservados.[\/et_pb_text][\/et_pb_column][\/et_pb_row][\/et_pb_section]<\/p>\n","protected":false},"excerpt":{"rendered":"<p>\u00a0Nossa equipe \u00e9 composta por profissionais qualificados que oferecem um acompanhamento s\u00e9rio e confi\u00e1vel. Cada caso recibe un tratamiento personalizado, acorde a sus particularidades.Fernando D\u00edaz Cant\u00f3nProfessor Adjunto Regular pelo Concurso do Departamento de Direito Penal e Criminol\u00f3gico da UBA desde 1999. Profesor na Maestr\u00eda em Direito Penal da UdeSA desde o ano 2020, na materia [&hellip;]<\/p>\n","protected":false},"author":2,"featured_media":0,"parent":0,"menu_order":0,"comment_status":"closed","ping_status":"closed","template":"","meta":{"_et_pb_use_builder":"on","_et_pb_old_content":"<!-- wp:divi\/placeholder \/-->","_et_gb_content_width":"","footnotes":""},"class_list":["post-559","page","type-page","status-publish","hentry"],"_links":{"self":[{"href":"https:\/\/fdcabogados.com.ar\/por\/wp-json\/wp\/v2\/pages\/559","targetHints":{"allow":["GET"]}}],"collection":[{"href":"https:\/\/fdcabogados.com.ar\/por\/wp-json\/wp\/v2\/pages"}],"about":[{"href":"https:\/\/fdcabogados.com.ar\/por\/wp-json\/wp\/v2\/types\/page"}],"author":[{"embeddable":true,"href":"https:\/\/fdcabogados.com.ar\/por\/wp-json\/wp\/v2\/users\/2"}],"replies":[{"embeddable":true,"href":"https:\/\/fdcabogados.com.ar\/por\/wp-json\/wp\/v2\/comments?post=559"}],"version-history":[{"count":30,"href":"https:\/\/fdcabogados.com.ar\/por\/wp-json\/wp\/v2\/pages\/559\/revisions"}],"predecessor-version":[{"id":724,"href":"https:\/\/fdcabogados.com.ar\/por\/wp-json\/wp\/v2\/pages\/559\/revisions\/724"}],"wp:attachment":[{"href":"https:\/\/fdcabogados.com.ar\/por\/wp-json\/wp\/v2\/media?parent=559"}],"curies":[{"name":"wp","href":"https:\/\/api.w.org\/{rel}","templated":true}]}}